{"id":959,"date":"2025-03-25T12:45:52","date_gmt":"2025-03-25T11:45:52","guid":{"rendered":"http:\/\/livet.cpge.free.fr\/WATS\/?page_id=959"},"modified":"2025-03-27T15:27:41","modified_gmt":"2025-03-27T14:27:41","slug":"faq","status":"publish","type":"page","link":"https:\/\/cpge.lyceelivet.net\/WPATS\/?page_id=959","title":{"rendered":"FAQ"},"content":{"rendered":"\n<p class=\"has-text-color\" style=\"color:#0573a3\"><strong>Vous trouverez ici les r\u00e9ponses aux questions les plus fr\u00e9quentes.<\/strong><\/p>\n\n\n\n<p class=\"has-luminous-vivid-orange-color has-text-color\"><strong>1.&nbsp;&nbsp;&nbsp;&nbsp;&nbsp;&nbsp;&nbsp;&nbsp;&nbsp; L\u2019ATS est-elle une classe pr\u00e9paratoire&nbsp;? On y travaille autant que dans les autres pr\u00e9pas&nbsp;?<\/strong><\/p>\n\n\n\n<p><strong>Oui, l\u2019ATS est une classe pr\u00e9paratoire, on y travaille beaucoup.<\/strong><br>L\u2019ann\u00e9e en ATS impose un fort investissement, mais sur une dur\u00e9e plus limit\u00e9e&nbsp;: 10 mois (septembre \u00e0 juin). <\/p>\n\n\n\n<p class=\"has-luminous-vivid-orange-color has-text-color\"><strong>2.&nbsp;&nbsp;&nbsp;&nbsp;&nbsp;&nbsp;&nbsp;&nbsp;&nbsp; Comment se procurer le dossier de candidature (papier)&nbsp;?<\/strong><\/p>\n\n\n\n<p><strong>Il suffit de contacter le secr\u00e9tariat du lyc\u00e9e Livet<\/strong>. <br>Vous pouvez passer au secr\u00e9tariat apr\u00e8s vous \u00eatre assur\u00e9(e) que les dossiers sont bien arriv\u00e9s (d\u00e9but mars, souvent) ou contacter le secr\u00e9tariat si vous pr\u00e9f\u00e9rez recevoir le dossier par voie postale. <\/p>\n\n\n\n<p class=\"has-luminous-vivid-orange-color has-text-color\"><strong>3.&nbsp;&nbsp;&nbsp;&nbsp;&nbsp;&nbsp;&nbsp;&nbsp;&nbsp; Y a-t-il une ambiance \u00ab&nbsp;comp\u00e9tition&nbsp;\u00bb dans la classe&nbsp;?<\/strong><\/p>\n\n\n\n<p><strong>Non.<\/strong><br>Les \u00e9tudiants travaillent ensemble, la diversit\u00e9 des parcours ant\u00e9rieurs rend cette interaction tr\u00e8s b\u00e9n\u00e9fique.<\/p>\n\n\n\n<p class=\"has-luminous-vivid-orange-color has-text-color\"><strong>4.&nbsp;&nbsp;&nbsp;&nbsp;&nbsp;&nbsp;&nbsp;&nbsp;&nbsp; Apr\u00e8s une ATS, est-on plus \u00e0 l\u2019aise en \u00e9cole d\u2019ing\u00e9nieurs ?<\/strong><\/p>\n\n\n\n<p><strong>Oui.<\/strong><br>Cette ann\u00e9e est un tremplin qui permet aux \u00e9tudiants de suivre ensuite sereinement une scolarit\u00e9 en \u00e9cole, parfois aux c\u00f4t\u00e9s d\u2019\u00e9tudiants qui ont fait une pr\u00e9pa en deux ans.<\/p>\n\n\n\n<p class=\"has-luminous-vivid-orange-color has-text-color\"><strong>5.&nbsp;&nbsp;&nbsp;&nbsp;&nbsp;&nbsp;&nbsp;&nbsp;&nbsp; Je souhaite entrer directement en \u00e9cole apr\u00e8s le BUT. Est-ce que je peux d\u00e9poser un dossier en ATS pour le cas o\u00f9 je ne serais pas admis&nbsp;?<\/strong><\/p>\n\n\n\n<p><strong>Oui.<\/strong><br>Pensez alors \u00e0 d\u00e9missionner le l\u2019ATS si vous renoncez durant l\u2019\u00e9t\u00e9.<\/p>\n\n\n\n<p class=\"has-luminous-vivid-orange-color has-text-color\"><strong>6.&nbsp;&nbsp;&nbsp;&nbsp;&nbsp;&nbsp;&nbsp;&nbsp;&nbsp; Y a-t-il un internat pour les ATS&nbsp;?<\/strong><\/p>\n\n\n\n<p><strong>Oui.<\/strong><br>Les \u00e9tudiants d&rsquo;ATS peuvent \u00eatre internes. Ils peuvent \u00eatre aussi internes extern\u00e9s (et prendre tous les repas au lyc\u00e9e), ils ont une salle de travail r\u00e9serv\u00e9e le soir.<\/p>\n\n\n\n<p class=\"has-luminous-vivid-orange-color has-text-color\"><strong>7.&nbsp;&nbsp;&nbsp;&nbsp;&nbsp;&nbsp;&nbsp;&nbsp;&nbsp; O\u00f9 entre-t-on apr\u00e8s une ATS&nbsp;?<\/strong><\/p>\n\n\n\n<p><strong>Le choix est tr\u00e8s large.<\/strong><br>De tr\u00e8s nombreuses \u00e9coles sont accessibles, sur concours ou sur dossier&nbsp;: \u00e9coles publiques ou priv\u00e9es, \u00e9coles g\u00e9n\u00e9ralistes ou sp\u00e9cialis\u00e9es, avec statut \u00e9tudiant ou apprenti.<\/p>\n\n\n\n<p class=\"has-luminous-vivid-orange-color has-text-color\"><strong>8.\u00a0\u00a0\u00a0\u00a0\u00a0\u00a0\u00a0\u00a0\u00a0 Est-il n\u00e9cessaire d\u2019avoir un bac g\u00e9n\u00e9ral\u00a0?<\/strong><\/p>\n\n\n\n<p><strong>Non.<\/strong><br>C\u2019est un atout \u00e9ventuel, mais la seule exigence, c\u2019est un BTS ou un DUT industriel. Certains \u00e9tudiants font un parcours remarquable en ATS apr\u00e8s un bac pro et un BTS.<\/p>\n\n\n\n<p class=\"has-luminous-vivid-orange-color has-text-color\"><strong>9.&nbsp;&nbsp;&nbsp;&nbsp;&nbsp;&nbsp;&nbsp;&nbsp;&nbsp; Combien de filles en ATS&nbsp;?<\/strong><\/p>\n\n\n\n<p><strong>Peu.<\/strong><br>Les candidates sont peu nombreuses\u00a0! Entre 0 et 6 \u00e9tudiantes dans la classe chaque ann\u00e9e depuis l\u2019ouverture de la classe.<\/p>\n\n\n\n<p class=\"has-luminous-vivid-orange-color has-text-color\"><strong>10.&nbsp;&nbsp;&nbsp;&nbsp;&nbsp; Quel est l\u2019effectif de la promotion&nbsp;?<\/strong><\/p>\n\n\n\n<p><strong>Entre 30 et 40 \u00e9tudiants.<\/strong><br>De nombreuses heures se font en groupes, ce qui permet un enseignement adapt\u00e9 \u00e0 chacun.<\/p>\n\n\n\n<p class=\"has-luminous-vivid-orange-color has-text-color\"><strong>11.&nbsp;&nbsp;&nbsp;&nbsp;&nbsp;&nbsp;&nbsp;&nbsp;&nbsp; Y a-t-il cours le samedi&nbsp;?<\/strong><\/p>\n\n\n\n<p><strong>Non<\/strong>. <br>Les cours ont lieu du lundi au vendredi, la semaine se termine par un devoir surveill\u00e9 le vendredi apr\u00e8s-midi. <\/p>\n\n\n\n<p class=\"has-luminous-vivid-orange-color has-text-color\"><strong>12.&nbsp;&nbsp;&nbsp;&nbsp;&nbsp; Quelle moyenne faut-il en BTS (ou en DUT) pour entrer en ATS&nbsp;?<\/strong><\/p>\n\n\n\n<p><strong>Joker&nbsp;!<\/strong><br>Il n\u2019est pas n\u00e9cessaire d\u2019\u00eatre premier de promotion, mais il faut des aptitudes et une motivation. Vos enseignants rempliront votre dossier et nous permettront de savoir si la poursuite d\u2019\u00e9tude en ATS est raisonnable.<\/p>\n\n\n\n<p class=\"has-luminous-vivid-orange-color has-text-color\"><strong>13.&nbsp;&nbsp;&nbsp;&nbsp;&nbsp; Y a-t-il des \u00e9checs&nbsp;?<\/strong><\/p>\n\n\n\n<p><strong>Tr\u00e8s peu.<\/strong><br>En g\u00e9n\u00e9ral, un \u00e9tudiant qui n\u2019a pas d\u2019\u00e9cole en fin d\u2019ATS est un \u00e9tudiant qui s\u2019est d\u00e9motiv\u00e9 ou a mal cibl\u00e9 ses demandes. Tous les \u00e9tudiants qui le souhaitent sont accompagn\u00e9s dans leur r\u00e9flexion sur le choix d\u2019\u00e9cole.<\/p>\n\n\n\n<p class=\"has-luminous-vivid-orange-color has-text-color\"><strong>14.&nbsp;&nbsp;&nbsp;&nbsp;&nbsp; Combien d\u2019heures dans la semaine au lyc\u00e9e&nbsp;?<\/strong><\/p>\n\n\n\n<p>Une petite quarantaine d\u2019heures de pr\u00e9sence (cours, TD, TP, devoirs, interrogations orales).<br>Auxquelles s\u2019ajoutera le travail\npersonnel le soir et le week-end.<\/p>\n\n\n\n<p class=\"has-luminous-vivid-orange-color has-text-color\"><strong>15.&nbsp;&nbsp;&nbsp;&nbsp;&nbsp; Je n\u2019ai jamais fait de g\u00e9nie m\u00e9canique (ou \u00e9lectrique ou les deux). <\/strong><\/p>\n\n\n\n<p><strong>Pas de probl\u00e8me.<\/strong><br>Les ATS ayant des formations initiales tr\u00e8s vari\u00e9es, le bagage commun est tr\u00e8s r\u00e9duit. Le cours est adapt\u00e9 et ne suppose pas de pr\u00e9requis. <\/p>\n\n\n\n<p class=\"has-luminous-vivid-orange-color has-text-color\"><strong>16.&nbsp;&nbsp;&nbsp;&nbsp;&nbsp; Peut-on continuer \u00e0 l\u2019universit\u00e9 apr\u00e8s une ATS&nbsp;? <\/strong><\/p>\n\n\n\n<p><strong>Oui.<\/strong><br>Les \u00e9tudiants choisissent tr\u00e8s majoritairement de poursuivre en \u00e9cole d\u2019ing\u00e9nieurs mais certains rejoignent l\u2019universit\u00e9, en L3 SPI (sciences pour l\u2019ing\u00e9nieur) souvent. <\/p>\n\n\n\n<p class=\"has-luminous-vivid-orange-color has-text-color\"><strong>17.&nbsp;&nbsp;&nbsp;&nbsp;&nbsp; Les ATS passent-ils les m\u00eames concours que les autres \u00e9tudiants de pr\u00e9pa&nbsp;?<\/strong><\/p>\n\n\n\n<p><strong>Non.<\/strong><br>Il existe un concours d\u00e9di\u00e9 aux ATS. Par contre, ils seront en \u00e9coles avec les autres \u00e9tudiants issus des pr\u00e9pas en 2 ans.<\/p>\n\n\n\n<p class=\"has-luminous-vivid-orange-color has-text-color\"><strong>18.&nbsp;&nbsp;&nbsp;&nbsp;&nbsp; &nbsp;Que sont les \u00ab&nbsp;colles&nbsp;\u00bb en pr\u00e9pa ATS&nbsp;?<\/strong><\/p>\n\n\n\n<p><strong>Ce sont des interrogations orales<\/strong> pr\u00e9vues dans l\u2019emploi du temps (pas de punition, donc&nbsp;!).<br>Un groupe de trois \u00e9tudiants se retrouve face \u00e0 un interrogateur qui \u00e9value leurs connaissances et les pr\u00e9pare aux oraux. Ces \u00ab&nbsp;colles&nbsp;\u00bb sont un r\u00e9el atout des classes pr\u00e9paratoires (ATS et autres).<\/p>\n\n\n\n<p class=\"has-luminous-vivid-orange-color has-text-color\"><strong>19.&nbsp;&nbsp;&nbsp;&nbsp;&nbsp; Est-il possible de faire une ATS \u00e0 mi-temps avec un statut sport-\u00e9tudes&nbsp;? <\/strong><\/p>\n\n\n\n<p><strong>Non.<\/strong><br>Il faut mettre le sport de haut-niveau entre parenth\u00e8ses pendant une ann\u00e9e scolaire.<\/p>\n\n\n\n<p style=\"text-align: center;\"><a href=\"https:\/\/cpge.lyceelivet.net\/WPATS\/?page_id=250\"><img loading=\"lazy\" decoding=\"async\" class=\"alignnone size-full wp-image-455\" title=\"Pr\u00e9cedent\" src=\"https:\/\/cpge.lyceelivet.net\/WPATS\/wp-content\/uploads\/art_precedent.gif\" alt=\"\" width=\"27\" height=\"28\"><\/a><span style=\"color: #ffffff;\">&#8212;&#8211;<\/span><a href=\"https:\/\/cpge.lyceelivet.net\/WPATS\/?\"><img loading=\"lazy\" decoding=\"async\" class=\"alignnone size-full wp-image-457\" title=\"Accueil\" src=\"https:\/\/cpge.lyceelivet.net\/WPATS\/wp-content\/uploads\/Petit-Logo.png\" alt=\"\" width=\"27\" height=\"27\"><\/a><span style=\"color: #ffffff;\">&#8212;&#8211;<\/span><a href=\"https:\/\/cpge.lyceelivet.net\/WPATS\/?page_id=126\"><img loading=\"lazy\" decoding=\"async\" class=\"alignnone size-full wp-image-454\" title=\"Suivant\" src=\"https:\/\/cpge.lyceelivet.net\/WPATS\/wp-content\/uploads\/art_suivant.gif\" alt=\"\" width=\"28\" height=\"28\"><\/a><\/p>\n","protected":false},"excerpt":{"rendered":"<p>Vous trouverez ici les r\u00e9ponses aux questions les plus fr\u00e9quentes. 1.&nbsp;&nbsp;&nbsp;&nbsp;&nbsp;&nbsp;&nbsp;&nbsp;&nbsp; L\u2019ATS est-elle une classe pr\u00e9paratoire&nbsp;? On y travaille autant que dans les autres pr\u00e9pas&nbsp;? Oui, l\u2019ATS est une classe pr\u00e9paratoire, on y travaille beaucoup.L\u2019ann\u00e9e en ATS impose un fort &hellip; <a href=\"https:\/\/cpge.lyceelivet.net\/WPATS\/?page_id=959\">Continuer la lecture <span class=\"meta-nav\">&rarr;<\/span><\/a><\/p>\n","protected":false},"author":2,"featured_media":0,"parent":0,"menu_order":12,"comment_status":"closed","ping_status":"closed","template":"","meta":{"footnotes":""},"class_list":["post-959","page","type-page","status-publish","hentry"],"_links":{"self":[{"href":"https:\/\/cpge.lyceelivet.net\/WPATS\/index.php?rest_route=\/wp\/v2\/pages\/959","targetHints":{"allow":["GET"]}}],"collection":[{"href":"https:\/\/cpge.lyceelivet.net\/WPATS\/index.php?rest_route=\/wp\/v2\/pages"}],"about":[{"href":"https:\/\/cpge.lyceelivet.net\/WPATS\/index.php?rest_route=\/wp\/v2\/types\/page"}],"author":[{"embeddable":true,"href":"https:\/\/cpge.lyceelivet.net\/WPATS\/index.php?rest_route=\/wp\/v2\/users\/2"}],"replies":[{"embeddable":true,"href":"https:\/\/cpge.lyceelivet.net\/WPATS\/index.php?rest_route=%2Fwp%2Fv2%2Fcomments&post=959"}],"version-history":[{"count":15,"href":"https:\/\/cpge.lyceelivet.net\/WPATS\/index.php?rest_route=\/wp\/v2\/pages\/959\/revisions"}],"predecessor-version":[{"id":1316,"href":"https:\/\/cpge.lyceelivet.net\/WPATS\/index.php?rest_route=\/wp\/v2\/pages\/959\/revisions\/1316"}],"wp:attachment":[{"href":"https:\/\/cpge.lyceelivet.net\/WPATS\/index.php?rest_route=%2Fwp%2Fv2%2Fmedia&parent=959"}],"curies":[{"name":"wp","href":"https:\/\/api.w.org\/{rel}","templated":true}]}}